{"id":12024,"date":"2019-02-26T17:03:09","date_gmt":"2019-02-26T15:03:09","guid":{"rendered":"http:\/\/icdp.ro\/?page_id=12024"},"modified":"2019-03-25T13:54:56","modified_gmt":"2019-03-25T11:54:56","slug":"mocanesti-16","status":"publish","type":"page","link":"https:\/\/icdp.ro\/ro\/cercetare\/genetica-si-ameliorare\/genetica\/mocanesti-16\/","title":{"rendered":"MOCANESTI 16"},"content":{"rendered":"<p><strong><a href=\"http:\/\/icdp.ro\/wp-content\/uploads\/2019\/02\/Mocanesti-16.jpg\"><img decoding=\"async\" class=\"alignright size-400 wp-image-11821\" src=\"http:\/\/icdp.ro\/wp-content\/uploads\/2019\/02\/Mocanesti-16-400x378.jpg\" alt=\"\" width=\"400\" height=\"378\" srcset=\"https:\/\/icdp.ro\/wp-content\/uploads\/2019\/02\/Mocanesti-16-200x189.jpg 200w, https:\/\/icdp.ro\/wp-content\/uploads\/2019\/02\/Mocanesti-16-300x283.jpg 300w, https:\/\/icdp.ro\/wp-content\/uploads\/2019\/02\/Mocanesti-16-400x378.jpg 400w, https:\/\/icdp.ro\/wp-content\/uploads\/2019\/02\/Mocanesti-16-600x566.jpg 600w, https:\/\/icdp.ro\/wp-content\/uploads\/2019\/02\/Mocanesti-16.jpg 626w\" sizes=\"(max-width: 400px) 100vw, 400px\" \/><\/a><\/strong><strong>Anul omolog\u0103rii:<\/strong> 1975.<br \/>\n<strong>Autori: <\/strong>V. Cociu.<br \/>\n<strong>Genitori:<\/strong> Selec\u0163ie dintr-o popula\u0163ie local\u0103.<br \/>\n\u25cf <strong>Pom<\/strong> de vigoare medie, coron\u0103 globuloas\u0103, fructificare pe buchete de mai \u015fi ramuri mijlocii, autosteril, moderat productiv.<br \/>\n\u25cf <strong>Fructu<\/strong>l de m\u0103rime medie (4,9g), sferic turtit la capete, peduncul lung, epiderma ro\u015fie, pulpa de consisten\u0163\u0103 medie, suculent\u0103, sucul ro\u015fu, s\u00e2mbure mare, gust bun, pretabil pentru prelucrare industrial\u0103.<br \/>\n\u25cf <strong>Epoca de coacere:<\/strong> sf\u00e2r\u015fitul lunii iunie.<\/p>\n<h2><strong>&nbsp;<\/strong><\/h2>\n","protected":false},"excerpt":{"rendered":"<p>Anul omolog\u0103rii: 1975. Autori: V. Cociu. Genitori: Selec\u0163ie dintr-o popula\u0163ie local\u0103. \u25cf Pom de vigoare medie, coron\u0103 globuloas\u0103, fructificare pe buchete de mai \u015fi ramuri mijlocii, autosteril, moderat productiv. \u25cf Fructul de m\u0103rime medie (4,9g), sferic turtit la capete, peduncul lung, epiderma ro\u015fie, pulpa de consisten\u0163\u0103 medie, suculent\u0103, sucul ro\u015fu, s\u00e2mbure mare, gust bun, pretabil  [&#8230;]<\/p>\n","protected":false},"author":1,"featured_media":11821,"parent":11780,"menu_order":63,"comment_status":"closed","ping_status":"closed","template":"","meta":{"ngg_post_thumbnail":0,"footnotes":""},"categories":[38],"tags":[],"class_list":["post-12024","page","type-page","status-publish","has-post-thumbnail","hentry","category-visine"],"_links":{"self":[{"href":"https:\/\/icdp.ro\/ro\/wp-json\/wp\/v2\/pages\/12024","targetHints":{"allow":["GET"]}}],"collection":[{"href":"https:\/\/icdp.ro\/ro\/wp-json\/wp\/v2\/pages"}],"about":[{"href":"https:\/\/icdp.ro\/ro\/wp-json\/wp\/v2\/types\/page"}],"author":[{"embeddable":true,"href":"https:\/\/icdp.ro\/ro\/wp-json\/wp\/v2\/users\/1"}],"replies":[{"embeddable":true,"href":"https:\/\/icdp.ro\/ro\/wp-json\/wp\/v2\/comments?post=12024"}],"version-history":[{"count":2,"href":"https:\/\/icdp.ro\/ro\/wp-json\/wp\/v2\/pages\/12024\/revisions"}],"predecessor-version":[{"id":12146,"href":"https:\/\/icdp.ro\/ro\/wp-json\/wp\/v2\/pages\/12024\/revisions\/12146"}],"up":[{"embeddable":true,"href":"https:\/\/icdp.ro\/ro\/wp-json\/wp\/v2\/pages\/11780"}],"wp:featuredmedia":[{"embeddable":true,"href":"https:\/\/icdp.ro\/ro\/wp-json\/wp\/v2\/media\/11821"}],"wp:attachment":[{"href":"https:\/\/icdp.ro\/ro\/wp-json\/wp\/v2\/media?parent=12024"}],"wp:term":[{"taxonomy":"category","embeddable":true,"href":"https:\/\/icdp.ro\/ro\/wp-json\/wp\/v2\/categories?post=12024"},{"taxonomy":"post_tag","embeddable":true,"href":"https:\/\/icdp.ro\/ro\/wp-json\/wp\/v2\/tags?post=12024"}],"curies":[{"name":"wp","href":"https:\/\/api.w.org\/{rel}","templated":true}]}}