{"id":11989,"date":"2019-02-26T16:48:09","date_gmt":"2019-02-26T14:48:09","guid":{"rendered":"http:\/\/icdp.ro\/?page_id=11989"},"modified":"2019-02-26T16:48:09","modified_gmt":"2019-02-26T14:48:09","slug":"romanta","status":"publish","type":"page","link":"https:\/\/icdp.ro\/ro\/cercetare\/genetica-si-ameliorare\/genetica\/romanta\/","title":{"rendered":"Romanta"},"content":{"rendered":"<p><strong><a href=\"http:\/\/icdp.ro\/wp-content\/uploads\/2019\/02\/Romanta-prun.jpg\"><img decoding=\"async\" class=\"alignright size-400 wp-image-11838\" src=\"http:\/\/icdp.ro\/wp-content\/uploads\/2019\/02\/Romanta-prun-400x400.jpg\" alt=\"\" width=\"400\" height=\"400\" srcset=\"https:\/\/icdp.ro\/wp-content\/uploads\/2019\/02\/Romanta-prun-66x66.jpg 66w, https:\/\/icdp.ro\/wp-content\/uploads\/2019\/02\/Romanta-prun-150x150.jpg 150w, https:\/\/icdp.ro\/wp-content\/uploads\/2019\/02\/Romanta-prun-200x200.jpg 200w, https:\/\/icdp.ro\/wp-content\/uploads\/2019\/02\/Romanta-prun-300x300.jpg 300w, https:\/\/icdp.ro\/wp-content\/uploads\/2019\/02\/Romanta-prun-400x400.jpg 400w, https:\/\/icdp.ro\/wp-content\/uploads\/2019\/02\/Romanta-prun.jpg 591w\" sizes=\"(max-width: 400px) 100vw, 400px\" \/><\/a>Anul omolog\u0103rii: <\/strong>2012.<br \/>\n<strong>Autori<\/strong>: M. Butac, M. Militaru, S. Budan, D. Sumedrea, E. Chi\u021bu, C. Mazilu, C. Plopa, S. Ancu, V. Isac.<br \/>\n<strong>Origine<\/strong>: Stanley x V\u00e2lcean.<br \/>\n\u25cf Pomul este de vigoare mijlocie, cu ramuri de schelet groase, garnisite cu ramuri fructifere scurte; tolerant\u00a0 la PPV.<br \/>\n\u25cf Epoca de \u00eenflorire este mijlocie; soiul este autofertil.<br \/>\n\u25cf Fructul este mare (62 g), de form\u0103 ovoid\u0103, cu pieli\u0163a albastr\u0103 \u00eenchis, acoperit\u0103 cu pruin\u0103 cenu\u015fiu, cu pulpa galben\u0103, crocant\u0103 \u015fi suculent\u0103, cu gust pl\u0103cut, destinat pentru consum \u00een stare proasp\u0103t\u0103, s\u00e2mbure mic \u015fi neaderent.<br \/>\n\u25cf Epoca de maturare: \u00eenceputul lunii august.<\/p>\n","protected":false},"excerpt":{"rendered":"<p>Anul omolog\u0103rii: 2012. Autori: M. Butac, M. Militaru, S. Budan, D. Sumedrea, E. Chi\u021bu, C. Mazilu, C. Plopa, S. Ancu, V. Isac. Origine: Stanley x V\u00e2lcean. \u25cf Pomul este de vigoare mijlocie, cu ramuri de schelet groase, garnisite cu ramuri fructifere scurte; tolerant\u00a0 la PPV. \u25cf Epoca de \u00eenflorire este mijlocie; soiul este autofertil. \u25cf  [&#8230;]<\/p>\n","protected":false},"author":1,"featured_media":11838,"parent":11780,"menu_order":45,"comment_status":"closed","ping_status":"closed","template":"","meta":{"ngg_post_thumbnail":0,"footnotes":""},"categories":[34],"tags":[],"class_list":["post-11989","page","type-page","status-publish","has-post-thumbnail","hentry","category-prune"],"_links":{"self":[{"href":"https:\/\/icdp.ro\/ro\/wp-json\/wp\/v2\/pages\/11989","targetHints":{"allow":["GET"]}}],"collection":[{"href":"https:\/\/icdp.ro\/ro\/wp-json\/wp\/v2\/pages"}],"about":[{"href":"https:\/\/icdp.ro\/ro\/wp-json\/wp\/v2\/types\/page"}],"author":[{"embeddable":true,"href":"https:\/\/icdp.ro\/ro\/wp-json\/wp\/v2\/users\/1"}],"replies":[{"embeddable":true,"href":"https:\/\/icdp.ro\/ro\/wp-json\/wp\/v2\/comments?post=11989"}],"version-history":[{"count":1,"href":"https:\/\/icdp.ro\/ro\/wp-json\/wp\/v2\/pages\/11989\/revisions"}],"predecessor-version":[{"id":11990,"href":"https:\/\/icdp.ro\/ro\/wp-json\/wp\/v2\/pages\/11989\/revisions\/11990"}],"up":[{"embeddable":true,"href":"https:\/\/icdp.ro\/ro\/wp-json\/wp\/v2\/pages\/11780"}],"wp:featuredmedia":[{"embeddable":true,"href":"https:\/\/icdp.ro\/ro\/wp-json\/wp\/v2\/media\/11838"}],"wp:attachment":[{"href":"https:\/\/icdp.ro\/ro\/wp-json\/wp\/v2\/media?parent=11989"}],"wp:term":[{"taxonomy":"category","embeddable":true,"href":"https:\/\/icdp.ro\/ro\/wp-json\/wp\/v2\/categories?post=11989"},{"taxonomy":"post_tag","embeddable":true,"href":"https:\/\/icdp.ro\/ro\/wp-json\/wp\/v2\/tags?post=11989"}],"curies":[{"name":"wp","href":"https:\/\/api.w.org\/{rel}","templated":true}]}}